{"version":"1.0","provider_name":"likemetkovic.hr","provider_url":"https:\/\/likemetkovic.hr\/portal","author_name":"LIKEmetkovic.hr","author_url":"https:\/\/likemetkovic.hr\/portal\/author\/likemetkovic-hr\/","title":"O\u0160 Stjepana Radi\u0107a, Srednja \u0161kola i Gimnazija u \"Zelenom zagrljaju\" povodom Dana planeta Zemlje - likemetkovic.hr","type":"rich","width":600,"height":338,"html":"<blockquote class=\"wp-embedded-content\" data-secret=\"hqhrImXqPd\"><a href=\"https:\/\/likemetkovic.hr\/portal\/19189-2\/\">O\u0160 Stjepana Radi\u0107a, Srednja \u0161kola i Gimnazija u &#8220;Zelenom zagrljaju&#8221; povodom Dana planeta Zemlje<\/a><\/blockquote><iframe sandbox=\"allow-scripts\" security=\"restricted\" src=\"https:\/\/likemetkovic.hr\/portal\/19189-2\/embed\/#?secret=hqhrImXqPd\" width=\"600\" height=\"338\" title=\"&#8220;O\u0160 Stjepana Radi\u0107a, Srednja \u0161kola i Gimnazija u &#8220;Zelenom zagrljaju&#8221; povodom Dana planeta Zemlje&#8221; &#8212; likemetkovic.hr\" data-secret=\"hqhrImXqPd\" frameborder=\"0\" marginwidth=\"0\" marginheight=\"0\" scrolling=\"no\" class=\"wp-embedded-content\"><\/iframe><script type=\"text\/javascript\">\n\/* <![CDATA[ *\/\n\/*! This file is auto-generated *\/\n!function(d,l){\"use strict\";l.querySelector&&d.addEventListener&&\"undefined\"!=typeof URL&&(d.wp=d.wp||{},d.wp.receiveEmbedMessage||(d.wp.receiveEmbedMessage=function(e){var t=e.data;if((t||t.secret||t.message||t.value)&&!\/[^a-zA-Z0-9]\/.test(t.secret)){for(var s,r,n,a=l.querySelectorAll('iframe[data-secret=\"'+t.secret+'\"]'),o=l.querySelectorAll('blockquote[data-secret=\"'+t.secret+'\"]'),c=new RegExp(\"^https?:$\",\"i\"),i=0;i<o.length;i++)o[i].style.display=\"none\";for(i=0;i<a.length;i++)s=a[i],e.source===s.contentWindow&&(s.removeAttribute(\"style\"),\"height\"===t.message?(1e3<(r=parseInt(t.value,10))?r=1e3:~~r<200&&(r=200),s.height=r):\"link\"===t.message&&(r=new URL(s.getAttribute(\"src\")),n=new URL(t.value),c.test(n.protocol))&&n.host===r.host&&l.activeElement===s&&(d.top.location.href=t.value))}},d.addEventListener(\"message\",d.wp.receiveEmbedMessage,!1),l.addEventListener(\"DOMContentLoaded\",function(){for(var e,t,s=l.querySelectorAll(\"iframe.wp-embedded-content\"),r=0;r<s.length;r++)(t=(e=s[r]).getAttribute(\"data-secret\"))||(t=Math.random().toString(36).substring(2,12),e.src+=\"#?secret=\"+t,e.setAttribute(\"data-secret\",t)),e.contentWindow.postMessage({message:\"ready\",secret:t},\"*\")},!1)))}(window,document);\n\/* ]]> *\/\n<\/script>\n","thumbnail_url":"https:\/\/likemetkovic.hr\/wp-content\/uploads\/2016\/04\/dan-planeta-zemlje_22_4_-2016_22.jpg","thumbnail_width":800,"thumbnail_height":600,"description":"Danas je u vrtu Osnovne \u0161kole Stjepana Radi\u0107a, povodom obilje\u017eavanja Dana planete Zemlje, odr\u017eana akcija &#8220;Zeleni zagrljaj&#8221; u kojoj su sudjelovale Srednja \u0161kola Metkovi\u0107, Gimnazija Metkovi\u0107 i Osnovna \u0161kola Stjepana Radi\u0107a. Cijeli program zapo\u010deo je valom kojega su na\u010dinili u\u010denici svih triju \u0161kola dr\u017ee\u0107i se za ruke\u00a0kroz vrtove ispred Srednje \u0161kole, Gimnazije i Osnovne \u0161kole [&hellip;]"}