{"version":"1.0","provider_name":"likemetkovic.hr","provider_url":"https:\/\/likemetkovic.hr\/portal","author_name":"LIKEmetkovic.hr","author_url":"https:\/\/likemetkovic.hr\/portal\/author\/likemetkovic-hr\/","title":"Jambo najavio kandidaturu za gradona\u010delnika - likemetkovic.hr","type":"rich","width":600,"height":338,"html":"<blockquote class=\"wp-embedded-content\" data-secret=\"Kv1LS5gkiA\"><a href=\"https:\/\/likemetkovic.hr\/portal\/jambo-najavio-kandidaturu-za-gradonacelnika\/\">Jambo najavio kandidaturu za gradona\u010delnika<\/a><\/blockquote><iframe sandbox=\"allow-scripts\" security=\"restricted\" src=\"https:\/\/likemetkovic.hr\/portal\/jambo-najavio-kandidaturu-za-gradonacelnika\/embed\/#?secret=Kv1LS5gkiA\" width=\"600\" height=\"338\" title=\"&#8220;Jambo najavio kandidaturu za gradona\u010delnika&#8221; &#8212; likemetkovic.hr\" data-secret=\"Kv1LS5gkiA\" frameborder=\"0\" marginwidth=\"0\" marginheight=\"0\" scrolling=\"no\" class=\"wp-embedded-content\"><\/iframe><script type=\"text\/javascript\">\n\/* <![CDATA[ *\/\n\/*! This file is auto-generated *\/\n!function(d,l){\"use strict\";l.querySelector&&d.addEventListener&&\"undefined\"!=typeof URL&&(d.wp=d.wp||{},d.wp.receiveEmbedMessage||(d.wp.receiveEmbedMessage=function(e){var t=e.data;if((t||t.secret||t.message||t.value)&&!\/[^a-zA-Z0-9]\/.test(t.secret)){for(var s,r,n,a=l.querySelectorAll('iframe[data-secret=\"'+t.secret+'\"]'),o=l.querySelectorAll('blockquote[data-secret=\"'+t.secret+'\"]'),c=new RegExp(\"^https?:$\",\"i\"),i=0;i<o.length;i++)o[i].style.display=\"none\";for(i=0;i<a.length;i++)s=a[i],e.source===s.contentWindow&&(s.removeAttribute(\"style\"),\"height\"===t.message?(1e3<(r=parseInt(t.value,10))?r=1e3:~~r<200&&(r=200),s.height=r):\"link\"===t.message&&(r=new URL(s.getAttribute(\"src\")),n=new URL(t.value),c.test(n.protocol))&&n.host===r.host&&l.activeElement===s&&(d.top.location.href=t.value))}},d.addEventListener(\"message\",d.wp.receiveEmbedMessage,!1),l.addEventListener(\"DOMContentLoaded\",function(){for(var e,t,s=l.querySelectorAll(\"iframe.wp-embedded-content\"),r=0;r<s.length;r++)(t=(e=s[r]).getAttribute(\"data-secret\"))||(t=Math.random().toString(36).substring(2,12),e.src+=\"#?secret=\"+t,e.setAttribute(\"data-secret\",t)),e.contentWindow.postMessage({message:\"ready\",secret:t},\"*\")},!1)))}(window,document);\n\/* ]]> *\/\n<\/script>\n","thumbnail_url":"https:\/\/likemetkovic.hr\/wp-content\/uploads\/2017\/02\/vlcsnap-2017-02-21-12h23m01s623.jpg","thumbnail_width":1065,"thumbnail_height":600,"description":"Biv\u0161i gradona\u010delnik Stipo Gabri\u0107 Jambo ju\u010der je najavio svoju kandidaturu za gradona\u010delnika na lokalnim izborima koji se trebaju odr\u017eati u svibnju ove godine. Nekada\u0161nji gradski \u010delnik HSS ovoga puta \u0107e na izbore kao nezavisni kandidat. \u00a0Smatram da proteklih osam godina Metkovi\u0107 stagnira i zbog toga se kandidiram.\u00a0\u2013 poru\u010dio je Jambo. Tako za sada imami tri [&hellip;]"}