{"version":"1.0","provider_name":"likemetkovic.hr","provider_url":"https:\/\/likemetkovic.hr\/portal","author_name":"LIKEmetkovic.hr","author_url":"https:\/\/likemetkovic.hr\/portal\/author\/likemetkovic-hr\/","title":"Ministar gospodarstva Tomislav Paneni\u0107 posjetio Metkovi\u0107 - likemetkovic.hr","type":"rich","width":600,"height":338,"html":"<blockquote class=\"wp-embedded-content\" data-secret=\"EvixyyE4Tq\"><a href=\"https:\/\/likemetkovic.hr\/portal\/ministar-gospodarstva-tomislav-panenic-posjetio-metkovic\/\">Ministar gospodarstva Tomislav Paneni\u0107 posjetio Metkovi\u0107<\/a><\/blockquote><iframe sandbox=\"allow-scripts\" security=\"restricted\" src=\"https:\/\/likemetkovic.hr\/portal\/ministar-gospodarstva-tomislav-panenic-posjetio-metkovic\/embed\/#?secret=EvixyyE4Tq\" width=\"600\" height=\"338\" title=\"&#8220;Ministar gospodarstva Tomislav Paneni\u0107 posjetio Metkovi\u0107&#8221; &#8212; likemetkovic.hr\" data-secret=\"EvixyyE4Tq\" frameborder=\"0\" marginwidth=\"0\" marginheight=\"0\" scrolling=\"no\" class=\"wp-embedded-content\"><\/iframe><script type=\"text\/javascript\">\n\/* <![CDATA[ *\/\n\/*! This file is auto-generated *\/\n!function(d,l){\"use strict\";l.querySelector&&d.addEventListener&&\"undefined\"!=typeof URL&&(d.wp=d.wp||{},d.wp.receiveEmbedMessage||(d.wp.receiveEmbedMessage=function(e){var t=e.data;if((t||t.secret||t.message||t.value)&&!\/[^a-zA-Z0-9]\/.test(t.secret)){for(var s,r,n,a=l.querySelectorAll('iframe[data-secret=\"'+t.secret+'\"]'),o=l.querySelectorAll('blockquote[data-secret=\"'+t.secret+'\"]'),c=new RegExp(\"^https?:$\",\"i\"),i=0;i<o.length;i++)o[i].style.display=\"none\";for(i=0;i<a.length;i++)s=a[i],e.source===s.contentWindow&&(s.removeAttribute(\"style\"),\"height\"===t.message?(1e3<(r=parseInt(t.value,10))?r=1e3:~~r<200&&(r=200),s.height=r):\"link\"===t.message&&(r=new URL(s.getAttribute(\"src\")),n=new URL(t.value),c.test(n.protocol))&&n.host===r.host&&l.activeElement===s&&(d.top.location.href=t.value))}},d.addEventListener(\"message\",d.wp.receiveEmbedMessage,!1),l.addEventListener(\"DOMContentLoaded\",function(){for(var e,t,s=l.querySelectorAll(\"iframe.wp-embedded-content\"),r=0;r<s.length;r++)(t=(e=s[r]).getAttribute(\"data-secret\"))||(t=Math.random().toString(36).substring(2,12),e.src+=\"#?secret=\"+t,e.setAttribute(\"data-secret\",t)),e.contentWindow.postMessage({message:\"ready\",secret:t},\"*\")},!1)))}(window,document);\n\/* ]]> *\/\n<\/script>\n","thumbnail_url":"https:\/\/likemetkovic.hr\/wp-content\/uploads\/2016\/04\/paneni\u0107_\u0161prlje_ujdur_3_4_2016_1.jpg","thumbnail_width":800,"thumbnail_height":600,"description":"Danas je u posjet Metkovi\u0107u stigao aktualni ministar gospodarstva Tomislav Paneni\u0107.\u00a0Ministra su ugostili &#8220;doma\u0107i&#8221; ministar pravosu\u0111a Ante \u0160prlje, gradona\u010delnica Katarina Ujdur, njen zamjenik Nikola Grmoja, te saborski zastupnik iz Metkovi\u0107a Mario Klobu\u010di\u0107 zajedno sa drugim gradskim du\u017enosnicima. Susret sa medijima organiziran je ispred hotela Narona, gdje je ministar bio neko vrijeme na raspolaganju &#8220;sedmoj sili&#8221;. [&hellip;]"}