{"version":"1.0","provider_name":"likemetkovic.hr","provider_url":"https:\/\/likemetkovic.hr\/portal","author_name":"LIKEmetkovic.hr","author_url":"https:\/\/likemetkovic.hr\/portal\/author\/likemetkovic-hr\/","title":"Novi direktor komunalnog poduze\u0107a \u010cisto\u0107a d.o.o. - likemetkovic.hr","type":"rich","width":600,"height":338,"html":"<blockquote class=\"wp-embedded-content\" data-secret=\"iTJLQ82OlW\"><a href=\"https:\/\/likemetkovic.hr\/portal\/novi-direktor-komunalnog-poduzeca-cistoca-d\/\">Novi direktor komunalnog poduze\u0107a \u010cisto\u0107a d.o.o.<\/a><\/blockquote><iframe sandbox=\"allow-scripts\" security=\"restricted\" src=\"https:\/\/likemetkovic.hr\/portal\/novi-direktor-komunalnog-poduzeca-cistoca-d\/embed\/#?secret=iTJLQ82OlW\" width=\"600\" height=\"338\" title=\"&#8220;Novi direktor komunalnog poduze\u0107a \u010cisto\u0107a d.o.o.&#8221; &#8212; likemetkovic.hr\" data-secret=\"iTJLQ82OlW\" frameborder=\"0\" marginwidth=\"0\" marginheight=\"0\" scrolling=\"no\" class=\"wp-embedded-content\"><\/iframe><script type=\"text\/javascript\">\n\/* <![CDATA[ *\/\n\/*! This file is auto-generated *\/\n!function(d,l){\"use strict\";l.querySelector&&d.addEventListener&&\"undefined\"!=typeof URL&&(d.wp=d.wp||{},d.wp.receiveEmbedMessage||(d.wp.receiveEmbedMessage=function(e){var t=e.data;if((t||t.secret||t.message||t.value)&&!\/[^a-zA-Z0-9]\/.test(t.secret)){for(var s,r,n,a=l.querySelectorAll('iframe[data-secret=\"'+t.secret+'\"]'),o=l.querySelectorAll('blockquote[data-secret=\"'+t.secret+'\"]'),c=new RegExp(\"^https?:$\",\"i\"),i=0;i<o.length;i++)o[i].style.display=\"none\";for(i=0;i<a.length;i++)s=a[i],e.source===s.contentWindow&&(s.removeAttribute(\"style\"),\"height\"===t.message?(1e3<(r=parseInt(t.value,10))?r=1e3:~~r<200&&(r=200),s.height=r):\"link\"===t.message&&(r=new URL(s.getAttribute(\"src\")),n=new URL(t.value),c.test(n.protocol))&&n.host===r.host&&l.activeElement===s&&(d.top.location.href=t.value))}},d.addEventListener(\"message\",d.wp.receiveEmbedMessage,!1),l.addEventListener(\"DOMContentLoaded\",function(){for(var e,t,s=l.querySelectorAll(\"iframe.wp-embedded-content\"),r=0;r<s.length;r++)(t=(e=s[r]).getAttribute(\"data-secret\"))||(t=Math.random().toString(36).substring(2,12),e.src+=\"#?secret=\"+t,e.setAttribute(\"data-secret\",t)),e.contentWindow.postMessage({message:\"ready\",secret:t},\"*\")},!1)))}(window,document);\n\/* ]]> *\/\n<\/script>\n","description":"Skup\u0161tina gradskog poduze\u0107a \u010cisto\u0107a d.o.o., koju \u010dini Grad Metkovi\u0107 zastupan po gradona\u010delniku Daliboru Milanu, a koja je odr\u017eana 5 srpnja 2017., imenovala je novog direktora dipl. oec. \u017deljka Mord\u017eina. G. Mord\u017ein je izabrani vije\u0107nik HSS u sada\u0161njem sazivu Gradskog vije\u0107a Grada Metkovi\u0107a, stoga\u00a0 se o\u010dekuje zamrzavanje njegova mandata u vije\u0107u i potvrda novog vije\u0107nika iz [&hellip;]"}