{"version":"1.0","provider_name":"likemetkovic.hr","provider_url":"https:\/\/likemetkovic.hr\/portal","author_name":"LIKEmetkovic.hr","author_url":"https:\/\/likemetkovic.hr\/portal\/author\/likemetkovic-hr\/","title":"Opuzenski prva\u0161i\u0107i u\u0161li u \u0161kolske klupe - likemetkovic.hr","type":"rich","width":600,"height":338,"html":"<blockquote class=\"wp-embedded-content\" data-secret=\"9GHgfWRlkW\"><a href=\"https:\/\/likemetkovic.hr\/portal\/opuzenski-prvasici-usli-u-skolske-klupe\/\">Opuzenski prva\u0161i\u0107i u\u0161li u \u0161kolske klupe<\/a><\/blockquote><iframe sandbox=\"allow-scripts\" security=\"restricted\" src=\"https:\/\/likemetkovic.hr\/portal\/opuzenski-prvasici-usli-u-skolske-klupe\/embed\/#?secret=9GHgfWRlkW\" width=\"600\" height=\"338\" title=\"&#8220;Opuzenski prva\u0161i\u0107i u\u0161li u \u0161kolske klupe&#8221; &#8212; likemetkovic.hr\" data-secret=\"9GHgfWRlkW\" frameborder=\"0\" marginwidth=\"0\" marginheight=\"0\" scrolling=\"no\" class=\"wp-embedded-content\"><\/iframe><script type=\"text\/javascript\">\n\/* <![CDATA[ *\/\n\/*! This file is auto-generated *\/\n!function(d,l){\"use strict\";l.querySelector&&d.addEventListener&&\"undefined\"!=typeof URL&&(d.wp=d.wp||{},d.wp.receiveEmbedMessage||(d.wp.receiveEmbedMessage=function(e){var t=e.data;if((t||t.secret||t.message||t.value)&&!\/[^a-zA-Z0-9]\/.test(t.secret)){for(var s,r,n,a=l.querySelectorAll('iframe[data-secret=\"'+t.secret+'\"]'),o=l.querySelectorAll('blockquote[data-secret=\"'+t.secret+'\"]'),c=new RegExp(\"^https?:$\",\"i\"),i=0;i<o.length;i++)o[i].style.display=\"none\";for(i=0;i<a.length;i++)s=a[i],e.source===s.contentWindow&&(s.removeAttribute(\"style\"),\"height\"===t.message?(1e3<(r=parseInt(t.value,10))?r=1e3:~~r<200&&(r=200),s.height=r):\"link\"===t.message&&(r=new URL(s.getAttribute(\"src\")),n=new URL(t.value),c.test(n.protocol))&&n.host===r.host&&l.activeElement===s&&(d.top.location.href=t.value))}},d.addEventListener(\"message\",d.wp.receiveEmbedMessage,!1),l.addEventListener(\"DOMContentLoaded\",function(){for(var e,t,s=l.querySelectorAll(\"iframe.wp-embedded-content\"),r=0;r<s.length;r++)(t=(e=s[r]).getAttribute(\"data-secret\"))||(t=Math.random().toString(36).substring(2,12),e.src+=\"#?secret=\"+t,e.setAttribute(\"data-secret\",t)),e.contentWindow.postMessage({message:\"ready\",secret:t},\"*\")},!1)))}(window,document);\n\/* ]]> *\/\n<\/script>\n","thumbnail_url":"https:\/\/likemetkovic.hr\/portal\/wp-content\/uploads\/2026\/09\/prvasi-os-opuzen-2026.jpg","thumbnail_width":900,"thumbnail_height":535,"description":"U Osnovnoj \u0161koli Opuzen ju\u010der je obavljena prozivka u\u010denika koji u \u0161kolskoj godini 2026.\/27. kre\u0107u u prvi i peti razred. Posebice emotivan bio je prijem opuzenskih prva\u0161i\u0107a, koji su do\u0161li u pratnji svojih roditelja i za koje je prire\u0111en prigodni program. Pozdravila ih je i po\u017eeljela dobrodo\u0161licu ravnateljica opuzenske \u0161kole\u00a0Valentina Per\u0161in \u010cubrani\u0107,\u00a0a sve\u010danosti su nazo\u010dili [&hellip;]"}