{"id":22877,"date":"2016-07-02T20:43:26","date_gmt":"2016-07-02T18:43:26","guid":{"rendered":"http:\/\/likemetkovic.hr\/?page_id=22877"},"modified":"2018-03-07T20:53:48","modified_gmt":"2018-03-07T19:53:48","slug":"hak-stanje-cestama","status":"publish","type":"page","link":"https:\/\/likemetkovic.hr\/portal\/hak-stanje-cestama\/","title":{"rendered":"Stanje na grani\u010dnim prijelazima"},"content":{"rendered":"<div class=\"wpb-content-wrapper\"><div id=\"tdi_1\" class=\"tdc-row\"><div class=\"vc_row vc_custom_1469002813839 tdi_2  wpb_row td-pb-row\" >\n<style scoped>\n\/* custom css - generated by TagDiv Composer *\/\n\n\/* tdc_composer_block - inline css att *\/\n.vc_custom_1469002813839{border-bottom-width: 5px !important;}\n\/* custom css - generated by TagDiv Composer *\/\n.tdi_2,\r\n                .tdi_2 .tdc-columns{\r\n                    min-height: 0;\r\n                }.tdi_2,\r\n\t\t\t\t.tdi_2 .tdc-columns{\r\n\t\t\t\t    display: block;\r\n\t\t\t\t}.tdi_2 .tdc-columns{\r\n\t\t\t\t    width: 100%;\r\n\t\t\t\t}.tdi_2:before,\r\n\t\t\t\t.tdi_2:after{\r\n\t\t\t\t    display: table;\r\n\t\t\t\t}\n<\/style><div class=\"vc_column tdi_4  wpb_column vc_column_container tdc-column td-pb-span8\">\n<style scoped>\n\/* custom css - generated by TagDiv Composer *\/\n\n\/* custom css - generated by TagDiv Composer *\/\n.tdi_4{\r\n                    vertical-align: baseline;\r\n                }.tdi_4 > .wpb_wrapper,\r\n\t\t\t\t.tdi_4 > .wpb_wrapper > .tdc-elements{\r\n\t\t\t\t    display: block;\r\n\t\t\t\t}.tdi_4 > .wpb_wrapper > .tdc-elements{\r\n\t\t\t\t    width: 100%;\r\n\t\t\t\t}.tdi_4 > .wpb_wrapper > .vc_row_inner{\r\n\t\t\t\t    width: auto;\r\n\t\t\t\t}.tdi_4 > .wpb_wrapper{\r\n\t\t\t\t    width: auto;\r\n\t\t\t\t    height: auto;\r\n\t\t\t\t}\n<\/style><div class=\"wpb_wrapper\" >[vc_tta_tabs][vc_tta_section title=&#8221;Metkovi\u0107&#8221; tab_id=&#8221;1520441107819-17f4cd1f-cf36&#8243;][vc_gallery type=&#8221;image_grid&#8221; source=&#8221;external_link&#8221; external_img_size=&#8221;648 x 200&#8243; custom_srcs=&#8221;#E-8_aHR0cCUzQSUyRiUyRmhhay5ociUyRmluZm8lMkZrYW1lcmUlMkYzMjElMkNodHRwJTNBJTJGJTJGaGFrLmhyJTJGaW5mbyUyRmthbWVyZSUyRjMyMCUyQ2h0dHAlM0ElMkYlMkZoYWsuaHIlMkZpbmZvJTJGa2FtZXJlJTJGMzE5&#8243;][\/vc_tta_section][vc_tta_section title=&#8221;Klek&#8221; tab_id=&#8221;1520441107831-c38c13b7-9be8&#8243;][vc_gallery type=&#8221;image_grid&#8221; source=&#8221;external_link&#8221; external_img_size=&#8221;648 x 200&#8243; custom_srcs=&#8221;#E-8_aHR0cCUzQSUyRiUyRmhhay5ociUyRmluZm8lMkZrYW1lcmUlMkYyMDQlMkNodHRwJTNBJTJGJTJGaGFrLmhyJTJGaW5mbyUyRmthbWVyZSUyRjIwMw==&#8221;][\/vc_tta_section][vc_tta_section title=&#8221;Zaton Doli&#8221; tab_id=&#8221;1520441114954-a1176788-734e&#8221;][vc_gallery type=&#8221;image_grid&#8221; source=&#8221;external_link&#8221; external_img_size=&#8221;648 x 200&#8243; custom_srcs=&#8221;#E-8_aHR0cCUzQSUyRiUyRmhhay5ociUyRmluZm8lMkZrYW1lcmUlMkYyMDYlMkNodHRwJTNBJTJGJTJGaGFrLmhyJTJGaW5mbyUyRmthbWVyZSUyRjIwNw==&#8221;][\/vc_tta_section][vc_tta_section title=&#8221;Nova Sela&#8221; tab_id=&#8221;1520441115841-4c19f6a8-d600&#8243;][vc_gallery type=&#8221;image_grid&#8221; source=&#8221;external_link&#8221; external_img_size=&#8221;648 x 200&#8243; custom_srcs=&#8221;#E-8_aHR0cCUzQSUyRiUyRmhhay5ociUyRmluZm8lMkZrYW1lcmUlMkYyMDIlMkNodHRwJTNBJTJGJTJGaGFrLmhyJTJGaW5mbyUyRmthbWVyZSUyRjIwMQ==&#8221;][\/vc_tta_section][\/vc_tta_tabs][vc_column_text]<\/p>\r\n<p style=\"text-align: center;\">Izvor: <a href=\"http:\/\/www.hak.hr\/\" target=\"_blank\" rel=\"noopener\"><b>Hrvatski autoklub<\/b><\/a><\/p>\r\n<p>[\/vc_column_text]<\/div><\/div><div class=\"vc_column tdi_6  wpb_column vc_column_container tdc-column td-pb-span4\">\n<style scoped>\n\/* custom css - generated by TagDiv Composer *\/\n\n\/* custom css - generated by TagDiv Composer *\/\n.tdi_6{\r\n                    vertical-align: baseline;\r\n                }.tdi_6 > .wpb_wrapper,\r\n\t\t\t\t.tdi_6 > .wpb_wrapper > .tdc-elements{\r\n\t\t\t\t    display: block;\r\n\t\t\t\t}.tdi_6 > .wpb_wrapper > .tdc-elements{\r\n\t\t\t\t    width: 100%;\r\n\t\t\t\t}.tdi_6 > .wpb_wrapper > .vc_row_inner{\r\n\t\t\t\t    width: auto;\r\n\t\t\t\t}.tdi_6 > .wpb_wrapper{\r\n\t\t\t\t    width: auto;\r\n\t\t\t\t    height: auto;\r\n\t\t\t\t}\n<\/style><div class=\"wpb_wrapper\" ><div class=\"wpb_wrapper td_block_wrap vc_widget_sidebar tdi_8 \" ><div class=\"td_block_wrap td_block_16 td_block_widget tdi_9 td_with_ajax_pagination td-pb-border-top td_block_template_4 td-column-1 td_block_padding\"  data-td-block-uid=\"tdi_9\" >\n<style>\n.td_block_template_4 .td-block-title {\r\n                font-size: 16px;\r\n                font-weight: 400;\r\n                margin-top: 0;\r\n                margin-bottom: 26px;\r\n                line-height: 31px;\r\n                text-align: left;\r\n            }\r\n            .td_block_template_4 .td-block-title > * {\r\n                background-color: var(--td_header_color, #000);\r\n                color: var(--td_text_header_color, #fff);\r\n                padding: 0 12px;\r\n                position: relative;\r\n            }\r\n            .td_block_template_4 .td-block-title > *:before {\r\n                content: '';\r\n                position: absolute;\r\n                top: 100%;\r\n                left: 10px;\r\n                margin: auto;\r\n                width: 0;\r\n                height: 0;\r\n                border-style: solid;\r\n                border-width: 7px 7px 0 7px;\r\n                border-color: var(--td_header_color, #000) transparent transparent transparent;\r\n            }\r\n            @media (max-width: 767px) {\r\n                .td_block_template_4 .td-related-title a {\r\n                    margin-right: 0;\r\n                    font-size: 15px;\r\n                }\r\n            }\r\n            .td_block_template_4 .td-related-title a:before {\r\n                border-color: transparent !important;\r\n            }\r\n            .td_block_template_4 .td-related-title .td-cur-simple-item {\r\n                background-color: var(--td_theme_color, #4db2ec);\r\n            }\r\n            .td_block_template_4 .td-related-title .td-cur-simple-item:before {\r\n                border-color: var(--td_header_color, var(--td_theme_color, #4db2ec)) transparent transparent transparent !important;\r\n            }\r\n            @-moz-document url-prefix() {\r\n                .td_block_template_4 .td-block-title > * {\r\n                    padding-bottom: 2px;\r\n                }\r\n            }\n<\/style><script>var block_tdi_9 = new tdBlock();\nblock_tdi_9.id = \"tdi_9\";\nblock_tdi_9.atts = '{\"custom_title\":\"Zadnje objavljeno\",\"custom_url\":\"\",\"block_template_id\":\"\",\"header_color\":\"#\",\"header_text_color\":\"#\",\"accent_text_color\":\"#\",\"mx7_tl\":\"\",\"mx7_el\":\"\",\"m6_tl\":\"\",\"limit\":\"6\",\"offset\":\"\",\"el_class\":\"\",\"post_ids\":\"\",\"category_id\":\"\",\"category_ids\":\"\",\"tag_slug\":\"\",\"autors_id\":\"\",\"installed_post_types\":\"\",\"sort\":\"\",\"td_ajax_filter_type\":\"\",\"td_ajax_filter_ids\":\"\",\"td_filter_default_txt\":\"All\",\"td_ajax_preloading\":\"\",\"ajax_pagination\":\"next_prev\",\"ajax_pagination_infinite_stop\":\"\",\"class\":\"td_block_widget tdi_9\",\"block_type\":\"td_block_16\",\"separator\":\"\",\"taxonomies\":\"\",\"in_all_terms\":\"\",\"include_cf_posts\":\"\",\"exclude_cf_posts\":\"\",\"popular_by_date\":\"\",\"linked_posts\":\"\",\"favourite_only\":\"\",\"open_in_new_window\":\"\",\"show_modified_date\":\"\",\"time_ago\":\"\",\"time_ago_add_txt\":\"ago\",\"time_ago_txt_pos\":\"\",\"review_source\":\"\",\"f_header_font_header\":\"\",\"f_header_font_title\":\"Block header\",\"f_header_font_settings\":\"\",\"f_header_font_family\":\"\",\"f_header_font_size\":\"\",\"f_header_font_line_height\":\"\",\"f_header_font_style\":\"\",\"f_header_font_weight\":\"\",\"f_header_font_transform\":\"\",\"f_header_font_spacing\":\"\",\"f_header_\":\"\",\"f_ajax_font_title\":\"Ajax categories\",\"f_ajax_font_settings\":\"\",\"f_ajax_font_family\":\"\",\"f_ajax_font_size\":\"\",\"f_ajax_font_line_height\":\"\",\"f_ajax_font_style\":\"\",\"f_ajax_font_weight\":\"\",\"f_ajax_font_transform\":\"\",\"f_ajax_font_spacing\":\"\",\"f_ajax_\":\"\",\"f_more_font_title\":\"Load more button\",\"f_more_font_settings\":\"\",\"f_more_font_family\":\"\",\"f_more_font_size\":\"\",\"f_more_font_line_height\":\"\",\"f_more_font_style\":\"\",\"f_more_font_weight\":\"\",\"f_more_font_transform\":\"\",\"f_more_font_spacing\":\"\",\"f_more_\":\"\",\"mx7f_title_font_header\":\"\",\"mx7f_title_font_title\":\"Article title\",\"mx7f_title_font_settings\":\"\",\"mx7f_title_font_family\":\"\",\"mx7f_title_font_size\":\"\",\"mx7f_title_font_line_height\":\"\",\"mx7f_title_font_style\":\"\",\"mx7f_title_font_weight\":\"\",\"mx7f_title_font_transform\":\"\",\"mx7f_title_font_spacing\":\"\",\"mx7f_title_\":\"\",\"mx7f_cat_font_title\":\"Article category tag\",\"mx7f_cat_font_settings\":\"\",\"mx7f_cat_font_family\":\"\",\"mx7f_cat_font_size\":\"\",\"mx7f_cat_font_line_height\":\"\",\"mx7f_cat_font_style\":\"\",\"mx7f_cat_font_weight\":\"\",\"mx7f_cat_font_transform\":\"\",\"mx7f_cat_font_spacing\":\"\",\"mx7f_cat_\":\"\",\"mx7f_meta_font_title\":\"Article meta info\",\"mx7f_meta_font_settings\":\"\",\"mx7f_meta_font_family\":\"\",\"mx7f_meta_font_size\":\"\",\"mx7f_meta_font_line_height\":\"\",\"mx7f_meta_font_style\":\"\",\"mx7f_meta_font_weight\":\"\",\"mx7f_meta_font_transform\":\"\",\"mx7f_meta_font_spacing\":\"\",\"mx7f_meta_\":\"\",\"mx7f_ex_font_title\":\"Article excerpt\",\"mx7f_ex_font_settings\":\"\",\"mx7f_ex_font_family\":\"\",\"mx7f_ex_font_size\":\"\",\"mx7f_ex_font_line_height\":\"\",\"mx7f_ex_font_style\":\"\",\"mx7f_ex_font_weight\":\"\",\"mx7f_ex_font_transform\":\"\",\"mx7f_ex_font_spacing\":\"\",\"mx7f_ex_\":\"\",\"m6f_title_font_header\":\"\",\"m6f_title_font_title\":\"Article title\",\"m6f_title_font_settings\":\"\",\"m6f_title_font_family\":\"\",\"m6f_title_font_size\":\"\",\"m6f_title_font_line_height\":\"\",\"m6f_title_font_style\":\"\",\"m6f_title_font_weight\":\"\",\"m6f_title_font_transform\":\"\",\"m6f_title_font_spacing\":\"\",\"m6f_title_\":\"\",\"m6f_cat_font_title\":\"Article category tag\",\"m6f_cat_font_settings\":\"\",\"m6f_cat_font_family\":\"\",\"m6f_cat_font_size\":\"\",\"m6f_cat_font_line_height\":\"\",\"m6f_cat_font_style\":\"\",\"m6f_cat_font_weight\":\"\",\"m6f_cat_font_transform\":\"\",\"m6f_cat_font_spacing\":\"\",\"m6f_cat_\":\"\",\"m6f_meta_font_title\":\"Article meta info\",\"m6f_meta_font_settings\":\"\",\"m6f_meta_font_family\":\"\",\"m6f_meta_font_size\":\"\",\"m6f_meta_font_line_height\":\"\",\"m6f_meta_font_style\":\"\",\"m6f_meta_font_weight\":\"\",\"m6f_meta_font_transform\":\"\",\"m6f_meta_font_spacing\":\"\",\"m6f_meta_\":\"\",\"ajax_pagination_next_prev_swipe\":\"\",\"css\":\"\",\"tdc_css\":\"\",\"td_column_number\":1,\"color_preset\":\"\",\"border_top\":\"\",\"tdc_css_class\":\"tdi_9\",\"tdc_css_class_style\":\"tdi_9_rand_style\"}';\nblock_tdi_9.td_column_number = \"1\";\nblock_tdi_9.block_type = \"td_block_16\";\nblock_tdi_9.post_count = \"6\";\nblock_tdi_9.found_posts = \"21480\";\nblock_tdi_9.header_color = \"#\";\nblock_tdi_9.ajax_pagination_infinite_stop = \"\";\nblock_tdi_9.max_num_pages = \"3580\";\ntdBlocksArray.push(block_tdi_9);\n<\/script><div class=\"td-block-title-wrap\"><h4 class=\"td-block-title\"><span class=\"td-pulldown-size\">Zadnje objavljeno<\/span><\/h4><\/div><div id=tdi_9 class=\"td_block_inner td-column-1\">\n\n\t<div class=\"td-block-span12\">\n\r\n        <div class=\"td_module_6 td_module_wrap td-animation-stack\">\r\n\r\n        <div class=\"td-module-thumb\"><a href=\"https:\/\/likemetkovic.hr\/portal\/paket24-premijer-lige-lige-za-ostanak-metkovic-zalmo-porazen-na-gostovanju-u-vinkovicima\/\"  rel=\"bookmark\" class=\"td-image-wrap \" title=\"Paket24 Premijer lige \u2013 Lige za ostanak: Metkovi\u0107-Zalmo pora\u017een na gostovanju u Vinkovicima\" ><img decoding=\"async\" width=\"100\" height=\"70\" class=\"entry-thumb\" src=\"https:\/\/likemetkovic.hr\/portal\/wp-content\/uploads\/2026\/04\/bjelin-spacva-100x70.jpg\"  srcset=\"https:\/\/likemetkovic.hr\/portal\/wp-content\/uploads\/2026\/04\/bjelin-spacva-100x70.jpg 100w, https:\/\/likemetkovic.hr\/portal\/wp-content\/uploads\/2026\/04\/bjelin-spacva-218x150.jpg 218w\" sizes=\"(max-width: 100px) 100vw, 100px\"  alt=\"\" title=\"Paket24 Premijer lige \u2013 Lige za ostanak: Metkovi\u0107-Zalmo pora\u017een na gostovanju u Vinkovicima\" \/><\/a><\/div>\r\n        <div class=\"item-details\">\r\n            <h3 class=\"entry-title td-module-title\"><a href=\"https:\/\/likemetkovic.hr\/portal\/paket24-premijer-lige-lige-za-ostanak-metkovic-zalmo-porazen-na-gostovanju-u-vinkovicima\/\"  rel=\"bookmark\" title=\"Paket24 Premijer lige \u2013 Lige za ostanak: Metkovi\u0107-Zalmo pora\u017een na gostovanju u Vinkovicima\">Paket24 Premijer lige \u2013 Lige za ostanak: Metkovi\u0107-Zalmo pora\u017een na gostovanju...<\/a><\/h3>            <div class=\"td-module-meta-info\">\r\n                                                <span class=\"td-post-date\"><time class=\"entry-date updated td-module-date\" datetime=\"2026-04-26T23:11:10+02:00\" >26. travnja 2026.<\/time><\/span>                            <\/div>\r\n        <\/div>\r\n\r\n        <\/div>\r\n\r\n        \n\t<\/div> <!-- .\/td-block-span12 -->\n\n\t<div class=\"td-block-span12\">\n\r\n        <div class=\"td_module_6 td_module_wrap td-animation-stack\">\r\n\r\n        <div class=\"td-module-thumb\"><a href=\"https:\/\/likemetkovic.hr\/portal\/memorijalni-maraton-navik-on-zivi-ki-zgine-posteno-zavrsena-prva-etapa-prevlaka-metkovic\/\"  rel=\"bookmark\" class=\"td-image-wrap \" title=\"Memorijalni maraton \u201cNavik on \u017eivi ki zgine po\u0161teno\u201d: zavr\u0161ena prva etapa Prevlaka &#8211; Metkovi\u0107\" ><img decoding=\"async\" width=\"100\" height=\"70\" class=\"entry-thumb\" src=\"https:\/\/likemetkovic.hr\/portal\/wp-content\/uploads\/2026\/04\/memorijalni-.maraton-prevlaka-vukovar-100x70.jpg\"  srcset=\"https:\/\/likemetkovic.hr\/portal\/wp-content\/uploads\/2026\/04\/memorijalni-.maraton-prevlaka-vukovar-100x70.jpg 100w, https:\/\/likemetkovic.hr\/portal\/wp-content\/uploads\/2026\/04\/memorijalni-.maraton-prevlaka-vukovar-218x150.jpg 218w\" sizes=\"(max-width: 100px) 100vw, 100px\"  alt=\"\" title=\"Memorijalni maraton \u201cNavik on \u017eivi ki zgine po\u0161teno\u201d: zavr\u0161ena prva etapa Prevlaka &#8211; Metkovi\u0107\" \/><\/a><\/div>\r\n        <div class=\"item-details\">\r\n            <h3 class=\"entry-title td-module-title\"><a href=\"https:\/\/likemetkovic.hr\/portal\/memorijalni-maraton-navik-on-zivi-ki-zgine-posteno-zavrsena-prva-etapa-prevlaka-metkovic\/\"  rel=\"bookmark\" title=\"Memorijalni maraton \u201cNavik on \u017eivi ki zgine po\u0161teno\u201d: zavr\u0161ena prva etapa Prevlaka &#8211; Metkovi\u0107\">Memorijalni maraton \u201cNavik on \u017eivi ki zgine po\u0161teno\u201d: zavr\u0161ena prva etapa...<\/a><\/h3>            <div class=\"td-module-meta-info\">\r\n                                                <span class=\"td-post-date\"><time class=\"entry-date updated td-module-date\" datetime=\"2026-04-26T23:01:20+02:00\" >26. travnja 2026.<\/time><\/span>                            <\/div>\r\n        <\/div>\r\n\r\n        <\/div>\r\n\r\n        \n\t<\/div> <!-- .\/td-block-span12 -->\n\n\t<div class=\"td-block-span12\">\n\r\n        <div class=\"td_module_6 td_module_wrap td-animation-stack\">\r\n\r\n        <div class=\"td-module-thumb\"><a href=\"https:\/\/likemetkovic.hr\/portal\/kk-metkovic-uspjesan-na-medunarodnom-turniru-u-splitu-10-medalja-za-mlade-karatase\/\"  rel=\"bookmark\" class=\"td-image-wrap \" title=\"KK Metkovi\u0107 uspje\u0161an na me\u0111unarodnom turniru u Splitu: 10 medalja za mlade karata\u0161e\" ><img decoding=\"async\" width=\"100\" height=\"70\" class=\"entry-thumb\" src=\"https:\/\/likemetkovic.hr\/portal\/wp-content\/uploads\/2026\/04\/kk-metkovic-100x70.jpg\"  srcset=\"https:\/\/likemetkovic.hr\/portal\/wp-content\/uploads\/2026\/04\/kk-metkovic-100x70.jpg 100w, https:\/\/likemetkovic.hr\/portal\/wp-content\/uploads\/2026\/04\/kk-metkovic-218x150.jpg 218w\" sizes=\"(max-width: 100px) 100vw, 100px\"  alt=\"\" title=\"KK Metkovi\u0107 uspje\u0161an na me\u0111unarodnom turniru u Splitu: 10 medalja za mlade karata\u0161e\" \/><\/a><\/div>\r\n        <div class=\"item-details\">\r\n            <h3 class=\"entry-title td-module-title\"><a href=\"https:\/\/likemetkovic.hr\/portal\/kk-metkovic-uspjesan-na-medunarodnom-turniru-u-splitu-10-medalja-za-mlade-karatase\/\"  rel=\"bookmark\" title=\"KK Metkovi\u0107 uspje\u0161an na me\u0111unarodnom turniru u Splitu: 10 medalja za mlade karata\u0161e\">KK Metkovi\u0107 uspje\u0161an na me\u0111unarodnom turniru u Splitu: 10 medalja za...<\/a><\/h3>            <div class=\"td-module-meta-info\">\r\n                                                <span class=\"td-post-date\"><time class=\"entry-date updated td-module-date\" datetime=\"2026-04-26T22:54:23+02:00\" >26. travnja 2026.<\/time><\/span>                            <\/div>\r\n        <\/div>\r\n\r\n        <\/div>\r\n\r\n        \n\t<\/div> <!-- .\/td-block-span12 -->\n\n\t<div class=\"td-block-span12\">\n\r\n        <div class=\"td_module_6 td_module_wrap td-animation-stack\">\r\n\r\n        <div class=\"td-module-thumb\"><a href=\"https:\/\/likemetkovic.hr\/portal\/jedrenje-neretvani-preuzeli-hydro-i-odmah-zasjali-na-regatama\/\"  rel=\"bookmark\" class=\"td-image-wrap \" title=\"JEDRENJE | Neretvani preuzeli JK Hydro i odmah zasjali na regatama\" ><img decoding=\"async\" width=\"100\" height=\"70\" class=\"entry-thumb\" src=\"https:\/\/likemetkovic.hr\/portal\/wp-content\/uploads\/2026\/04\/hydra-obrebic-dubrovnik-100x70.jpg\"  srcset=\"https:\/\/likemetkovic.hr\/portal\/wp-content\/uploads\/2026\/04\/hydra-obrebic-dubrovnik-100x70.jpg 100w, https:\/\/likemetkovic.hr\/portal\/wp-content\/uploads\/2026\/04\/hydra-obrebic-dubrovnik-218x150.jpg 218w\" sizes=\"(max-width: 100px) 100vw, 100px\"  alt=\"\" title=\"JEDRENJE | Neretvani preuzeli JK Hydro i odmah zasjali na regatama\" \/><\/a><\/div>\r\n        <div class=\"item-details\">\r\n            <h3 class=\"entry-title td-module-title\"><a href=\"https:\/\/likemetkovic.hr\/portal\/jedrenje-neretvani-preuzeli-hydro-i-odmah-zasjali-na-regatama\/\"  rel=\"bookmark\" title=\"JEDRENJE | Neretvani preuzeli JK Hydro i odmah zasjali na regatama\">JEDRENJE | Neretvani preuzeli JK Hydro i odmah zasjali na regatama<\/a><\/h3>            <div class=\"td-module-meta-info\">\r\n                                                <span class=\"td-post-date\"><time class=\"entry-date updated td-module-date\" datetime=\"2026-04-26T20:25:19+02:00\" >26. travnja 2026.<\/time><\/span>                            <\/div>\r\n        <\/div>\r\n\r\n        <\/div>\r\n\r\n        \n\t<\/div> <!-- .\/td-block-span12 -->\n\n\t<div class=\"td-block-span12\">\n\r\n        <div class=\"td_module_6 td_module_wrap td-animation-stack\">\r\n\r\n        <div class=\"td-module-thumb\"><a href=\"https:\/\/likemetkovic.hr\/portal\/prva-pricest-u-crkvi-sv-nikole\/\"  rel=\"bookmark\" class=\"td-image-wrap \" title=\"Prva pri\u010dest u crkvi sv. Nikole\" ><img decoding=\"async\" width=\"100\" height=\"70\" class=\"entry-thumb\" src=\"https:\/\/likemetkovic.hr\/portal\/wp-content\/uploads\/2026\/04\/pricest0-100x70.jpg\"  srcset=\"https:\/\/likemetkovic.hr\/portal\/wp-content\/uploads\/2026\/04\/pricest0-100x70.jpg 100w, https:\/\/likemetkovic.hr\/portal\/wp-content\/uploads\/2026\/04\/pricest0-218x150.jpg 218w\" sizes=\"(max-width: 100px) 100vw, 100px\"  alt=\"\" title=\"Prva pri\u010dest u crkvi sv. Nikole\" \/><\/a><\/div>\r\n        <div class=\"item-details\">\r\n            <h3 class=\"entry-title td-module-title\"><a href=\"https:\/\/likemetkovic.hr\/portal\/prva-pricest-u-crkvi-sv-nikole\/\"  rel=\"bookmark\" title=\"Prva pri\u010dest u crkvi sv. Nikole\">Prva pri\u010dest u crkvi sv. Nikole<\/a><\/h3>            <div class=\"td-module-meta-info\">\r\n                                                <span class=\"td-post-date\"><time class=\"entry-date updated td-module-date\" datetime=\"2026-04-26T14:10:46+02:00\" >26. travnja 2026.<\/time><\/span>                            <\/div>\r\n        <\/div>\r\n\r\n        <\/div>\r\n\r\n        \n\t<\/div> <!-- .\/td-block-span12 -->\n\n\t<div class=\"td-block-span12\">\n\r\n        <div class=\"td_module_6 td_module_wrap td-animation-stack\">\r\n\r\n        <div class=\"td-module-thumb\"><a href=\"https:\/\/likemetkovic.hr\/portal\/danijel-daji-kuzic-pobjednik-7-memorijalnog-pikado-turnira-marijo-gnjec\/\"  rel=\"bookmark\" class=\"td-image-wrap \" title=\"Danijel Daji Kuzi\u0107 pobjednik 7. memorijalnog pikado turnira \u201eMarijo Gnje\u010d\u201c\" ><img decoding=\"async\" width=\"100\" height=\"70\" class=\"entry-thumb\" src=\"https:\/\/likemetkovic.hr\/portal\/wp-content\/uploads\/2026\/04\/pikado-krvavac-turnir-2026--100x70.jpg\"  srcset=\"https:\/\/likemetkovic.hr\/portal\/wp-content\/uploads\/2026\/04\/pikado-krvavac-turnir-2026--100x70.jpg 100w, https:\/\/likemetkovic.hr\/portal\/wp-content\/uploads\/2026\/04\/pikado-krvavac-turnir-2026--218x150.jpg 218w\" sizes=\"(max-width: 100px) 100vw, 100px\"  alt=\"\" title=\"Danijel Daji Kuzi\u0107 pobjednik 7. memorijalnog pikado turnira \u201eMarijo Gnje\u010d\u201c\" \/><\/a><\/div>\r\n        <div class=\"item-details\">\r\n            <h3 class=\"entry-title td-module-title\"><a href=\"https:\/\/likemetkovic.hr\/portal\/danijel-daji-kuzic-pobjednik-7-memorijalnog-pikado-turnira-marijo-gnjec\/\"  rel=\"bookmark\" title=\"Danijel Daji Kuzi\u0107 pobjednik 7. memorijalnog pikado turnira \u201eMarijo Gnje\u010d\u201c\">Danijel Daji Kuzi\u0107 pobjednik 7. memorijalnog pikado turnira \u201eMarijo Gnje\u010d\u201c<\/a><\/h3>            <div class=\"td-module-meta-info\">\r\n                                                <span class=\"td-post-date\"><time class=\"entry-date updated td-module-date\" datetime=\"2026-04-26T09:58:22+02:00\" >26. travnja 2026.<\/time><\/span>                            <\/div>\r\n        <\/div>\r\n\r\n        <\/div>\r\n\r\n        \n\t<\/div> <!-- .\/td-block-span12 --><\/div><div class=\"td-next-prev-wrap\"><a href=\"#\" class=\"td-ajax-prev-page ajax-page-disabled\" aria-label=\"prev-page\" id=\"prev-page-tdi_9\" data-td_block_id=\"tdi_9\"><i class=\"td-next-prev-icon td-icon-font td-icon-menu-left\"><\/i><\/a><a href=\"#\"  class=\"td-ajax-next-page\" aria-label=\"next-page\" id=\"next-page-tdi_9\" data-td_block_id=\"tdi_9\"><i class=\"td-next-prev-icon td-icon-font td-icon-menu-right\"><\/i><\/a><\/div><\/div> <!-- .\/block --><aside id=\"block-2\" class=\"td_block_template_4 widget block-2 widget_block\"><img decoding=\"async\" src=\"https:\/\/ad.doubleclick.net\/ddm\/trackimp\/N50301.4737958LIKEMETKOVIC\/B29094510.354568696;dc_trk_aid=545542348;dc_trk_cid=183565367;ord=[timestamp];dc_lat=;dc_rdid=;tag_for_child_directed_treatment=;tfua=;gdpr=${GDPR};gdpr_consent=${GDPR_CONSENT_755};ltd=?\" border=\"0\" height=\"1\" width=\"1\" alt=\"Advertisement\"><\/aside><\/div><\/div><\/div><\/div><\/div>\r\n<\/div>","protected":false},"excerpt":{"rendered":"[vc_tta_tabs][vc_tta_section title=\"Metkovi\u0107\" tab_id=\"1520441107819-17f4cd1f-cf36\"][vc_gallery type=\"image_grid\" source=\"external_link\" external_img_size=\"648 x 200\" custom_srcs=\"#E-8_aHR0cCUzQSUyRiUyRmhhay5ociUyRmluZm8lMkZrYW1lcmUlMkYzMjElMkNodHRwJTNBJTJGJTJGaGFrLmhyJTJGaW5mbyUyRmthbWVyZSUyRjMyMCUyQ2h0dHAlM0ElMkYlMkZoYWsuaHIlMkZpbmZvJTJGa2FtZXJlJTJGMzE5\"][\/vc_tta_section][vc_tta_section title=\"Klek\" tab_id=\"1520441107831-c38c13b7-9be8\"][vc_gallery type=\"image_grid\" source=\"external_link\" external_img_size=\"648 x 200\" custom_srcs=\"#E-8_aHR0cCUzQSUyRiUyRmhhay5ociUyRmluZm8lMkZrYW1lcmUlMkYyMDQlMkNodHRwJTNBJTJGJTJGaGFrLmhyJTJGaW5mbyUyRmthbWVyZSUyRjIwMw==\"][\/vc_tta_section][vc_tta_section title=\"Zaton Doli\" tab_id=\"1520441114954-a1176788-734e\"][vc_gallery type=\"image_grid\" source=\"external_link\" external_img_size=\"648 x 200\" custom_srcs=\"#E-8_aHR0cCUzQSUyRiUyRmhhay5ociUyRmluZm8lMkZrYW1lcmUlMkYyMDYlMkNodHRwJTNBJTJGJTJGaGFrLmhyJTJGaW5mbyUyRmthbWVyZSUyRjIwNw==\"][\/vc_tta_section][vc_tta_section title=\"Nova Sela\" tab_id=\"1520441115841-4c19f6a8-d600\"][vc_gallery type=\"image_grid\" source=\"external_link\" external_img_size=\"648 x 200\" custom_srcs=\"#E-8_aHR0cCUzQSUyRiUyRmhhay5ociUyRmluZm8lMkZrYW1lcmUlMkYyMDIlMkNodHRwJTNBJTJGJTJGaGFrLmhyJTJGaW5mbyUyRmthbWVyZSUyRjIwMQ==\"][\/vc_tta_section][\/vc_tta_tabs][vc_column_text] Izvor: Hrvatski autoklub [\/vc_column_text] Zadnje objavljeno Paket24 Premijer lige \u2013 Lige za ostanak: Metkovi\u0107-Zalmo pora\u017een na gostovanju... 26. travnja 2026. [...]","protected":false},"author":1,"featured_media":23845,"parent":0,"menu_order":0,"comment_status":"closed","ping_status":"closed","template":"","meta":{"footnotes":""},"class_list":["post-22877","page","type-page","status-publish","has-post-thumbnail"],"yoast_head":"<!-- This site is optimized with the Yoast SEO plugin v25.2 - https:\/\/yoast.com\/wordpress\/plugins\/seo\/ -->\n<title>HAK Stanje na cetama<\/title>\n<meta name=\"description\" content=\"HAK stanje na cestama i kamere grani\u010dnih prijelaza u blizini Metkovi\u0107a\" \/>\n<meta name=\"robots\" content=\"index, follow, max-snippet:-1, max-image-preview:large, max-video-preview:-1\" \/>\n<link rel=\"canonical\" href=\"https:\/\/likemetkovic.hr\/hak-stanje-cestama\/\" \/>\n<meta property=\"og:locale\" content=\"hr_HR\" \/>\n<meta property=\"og:type\" content=\"article\" \/>\n<meta property=\"og:title\" content=\"HAK Stanje na cetama\" \/>\n<meta property=\"og:description\" content=\"HAK stanje na cestama i kamere grani\u010dnih prijelaza u blizini Metkovi\u0107a\" \/>\n<meta property=\"og:url\" content=\"https:\/\/likemetkovic.hr\/hak-stanje-cestama\/\" \/>\n<meta property=\"og:site_name\" content=\"likemetkovic.hr\" \/>\n<meta property=\"article:publisher\" content=\"https:\/\/www.facebook.com\/likemetkovic.hr\/\" \/>\n<meta property=\"article:modified_time\" content=\"2018-03-07T19:53:48+00:00\" \/>\n<meta property=\"og:image\" content=\"https:\/\/likemetkovic.hr\/wp-content\/uploads\/2016\/07\/istak_hak.jpg\" \/>\n\t<meta property=\"og:image:width\" content=\"966\" \/>\n\t<meta property=\"og:image:height\" content=\"600\" \/>\n\t<meta property=\"og:image:type\" content=\"image\/jpeg\" \/>\n<meta name=\"twitter:card\" content=\"summary_large_image\" \/>\n<meta name=\"twitter:label1\" content=\"Procijenjeno vrijeme \u010ditanja\" \/>\n\t<meta name=\"twitter:data1\" content=\"1 minuta\" \/>\n<script type=\"application\/ld+json\" class=\"yoast-schema-graph\">{\"@context\":\"https:\/\/schema.org\",\"@graph\":[{\"@type\":\"WebPage\",\"@id\":\"https:\/\/likemetkovic.hr\/hak-stanje-cestama\/\",\"url\":\"https:\/\/likemetkovic.hr\/hak-stanje-cestama\/\",\"name\":\"HAK Stanje na cetama\",\"isPartOf\":{\"@id\":\"https:\/\/likemetkovic.hr\/#website\"},\"primaryImageOfPage\":{\"@id\":\"https:\/\/likemetkovic.hr\/hak-stanje-cestama\/#primaryimage\"},\"image\":{\"@id\":\"https:\/\/likemetkovic.hr\/hak-stanje-cestama\/#primaryimage\"},\"thumbnailUrl\":\"https:\/\/likemetkovic.hr\/portal\/wp-content\/uploads\/2016\/07\/istak_hak.jpg\",\"datePublished\":\"2016-07-02T18:43:26+00:00\",\"dateModified\":\"2018-03-07T19:53:48+00:00\",\"description\":\"HAK stanje na cestama i kamere grani\u010dnih prijelaza u blizini Metkovi\u0107a\",\"breadcrumb\":{\"@id\":\"https:\/\/likemetkovic.hr\/hak-stanje-cestama\/#breadcrumb\"},\"inLanguage\":\"hr\",\"potentialAction\":[{\"@type\":\"ReadAction\",\"target\":[\"https:\/\/likemetkovic.hr\/hak-stanje-cestama\/\"]}]},{\"@type\":\"ImageObject\",\"inLanguage\":\"hr\",\"@id\":\"https:\/\/likemetkovic.hr\/hak-stanje-cestama\/#primaryimage\",\"url\":\"https:\/\/likemetkovic.hr\/portal\/wp-content\/uploads\/2016\/07\/istak_hak.jpg\",\"contentUrl\":\"https:\/\/likemetkovic.hr\/portal\/wp-content\/uploads\/2016\/07\/istak_hak.jpg\",\"width\":966,\"height\":600},{\"@type\":\"BreadcrumbList\",\"@id\":\"https:\/\/likemetkovic.hr\/hak-stanje-cestama\/#breadcrumb\",\"itemListElement\":[{\"@type\":\"ListItem\",\"position\":1,\"name\":\"Po\u010detna stranica\",\"item\":\"https:\/\/likemetkovic.hr\/portal\/\"},{\"@type\":\"ListItem\",\"position\":2,\"name\":\"Stanje na grani\u010dnim prijelazima\"}]},{\"@type\":\"WebSite\",\"@id\":\"https:\/\/likemetkovic.hr\/#website\",\"url\":\"https:\/\/likemetkovic.hr\/\",\"name\":\"likemetkovic.hr\",\"description\":\"Misli pozitivno... \u010ditaj LIKE\",\"potentialAction\":[{\"@type\":\"SearchAction\",\"target\":{\"@type\":\"EntryPoint\",\"urlTemplate\":\"https:\/\/likemetkovic.hr\/?s={search_term_string}\"},\"query-input\":{\"@type\":\"PropertyValueSpecification\",\"valueRequired\":true,\"valueName\":\"search_term_string\"}}],\"inLanguage\":\"hr\"}]}<\/script>\n<!-- \/ Yoast SEO plugin. -->","yoast_head_json":{"title":"HAK Stanje na cetama","description":"HAK stanje na cestama i kamere grani\u010dnih prijelaza u blizini Metkovi\u0107a","robots":{"index":"index","follow":"follow","max-snippet":"max-snippet:-1","max-image-preview":"max-image-preview:large","max-video-preview":"max-video-preview:-1"},"canonical":"https:\/\/likemetkovic.hr\/hak-stanje-cestama\/","og_locale":"hr_HR","og_type":"article","og_title":"HAK Stanje na cetama","og_description":"HAK stanje na cestama i kamere grani\u010dnih prijelaza u blizini Metkovi\u0107a","og_url":"https:\/\/likemetkovic.hr\/hak-stanje-cestama\/","og_site_name":"likemetkovic.hr","article_publisher":"https:\/\/www.facebook.com\/likemetkovic.hr\/","article_modified_time":"2018-03-07T19:53:48+00:00","og_image":[{"width":966,"height":600,"url":"https:\/\/likemetkovic.hr\/wp-content\/uploads\/2016\/07\/istak_hak.jpg","type":"image\/jpeg"}],"twitter_card":"summary_large_image","twitter_misc":{"Procijenjeno vrijeme \u010ditanja":"1 minuta"},"schema":{"@context":"https:\/\/schema.org","@graph":[{"@type":"WebPage","@id":"https:\/\/likemetkovic.hr\/hak-stanje-cestama\/","url":"https:\/\/likemetkovic.hr\/hak-stanje-cestama\/","name":"HAK Stanje na cetama","isPartOf":{"@id":"https:\/\/likemetkovic.hr\/#website"},"primaryImageOfPage":{"@id":"https:\/\/likemetkovic.hr\/hak-stanje-cestama\/#primaryimage"},"image":{"@id":"https:\/\/likemetkovic.hr\/hak-stanje-cestama\/#primaryimage"},"thumbnailUrl":"https:\/\/likemetkovic.hr\/portal\/wp-content\/uploads\/2016\/07\/istak_hak.jpg","datePublished":"2016-07-02T18:43:26+00:00","dateModified":"2018-03-07T19:53:48+00:00","description":"HAK stanje na cestama i kamere grani\u010dnih prijelaza u blizini Metkovi\u0107a","breadcrumb":{"@id":"https:\/\/likemetkovic.hr\/hak-stanje-cestama\/#breadcrumb"},"inLanguage":"hr","potentialAction":[{"@type":"ReadAction","target":["https:\/\/likemetkovic.hr\/hak-stanje-cestama\/"]}]},{"@type":"ImageObject","inLanguage":"hr","@id":"https:\/\/likemetkovic.hr\/hak-stanje-cestama\/#primaryimage","url":"https:\/\/likemetkovic.hr\/portal\/wp-content\/uploads\/2016\/07\/istak_hak.jpg","contentUrl":"https:\/\/likemetkovic.hr\/portal\/wp-content\/uploads\/2016\/07\/istak_hak.jpg","width":966,"height":600},{"@type":"BreadcrumbList","@id":"https:\/\/likemetkovic.hr\/hak-stanje-cestama\/#breadcrumb","itemListElement":[{"@type":"ListItem","position":1,"name":"Po\u010detna stranica","item":"https:\/\/likemetkovic.hr\/portal\/"},{"@type":"ListItem","position":2,"name":"Stanje na grani\u010dnim prijelazima"}]},{"@type":"WebSite","@id":"https:\/\/likemetkovic.hr\/#website","url":"https:\/\/likemetkovic.hr\/","name":"likemetkovic.hr","description":"Misli pozitivno... \u010ditaj LIKE","potentialAction":[{"@type":"SearchAction","target":{"@type":"EntryPoint","urlTemplate":"https:\/\/likemetkovic.hr\/?s={search_term_string}"},"query-input":{"@type":"PropertyValueSpecification","valueRequired":true,"valueName":"search_term_string"}}],"inLanguage":"hr"}]}},"_links":{"self":[{"href":"https:\/\/likemetkovic.hr\/portal\/wp-json\/wp\/v2\/pages\/22877","targetHints":{"allow":["GET"]}}],"collection":[{"href":"https:\/\/likemetkovic.hr\/portal\/wp-json\/wp\/v2\/pages"}],"about":[{"href":"https:\/\/likemetkovic.hr\/portal\/wp-json\/wp\/v2\/types\/page"}],"author":[{"embeddable":true,"href":"https:\/\/likemetkovic.hr\/portal\/wp-json\/wp\/v2\/users\/1"}],"replies":[{"embeddable":true,"href":"https:\/\/likemetkovic.hr\/portal\/wp-json\/wp\/v2\/comments?post=22877"}],"version-history":[{"count":0,"href":"https:\/\/likemetkovic.hr\/portal\/wp-json\/wp\/v2\/pages\/22877\/revisions"}],"wp:featuredmedia":[{"embeddable":true,"href":"https:\/\/likemetkovic.hr\/portal\/wp-json\/wp\/v2\/media\/23845"}],"wp:attachment":[{"href":"https:\/\/likemetkovic.hr\/portal\/wp-json\/wp\/v2\/media?parent=22877"}],"curies":[{"name":"wp","href":"https:\/\/api.w.org\/{rel}","templated":true}]}}